{"id":86,"date":"2009-03-21T02:51:12","date_gmt":"2009-03-21T01:51:12","guid":{"rendered":"http:\/\/deelo.de\/wp\/?page_id=86"},"modified":"2009-04-23T02:48:49","modified_gmt":"2009-04-23T01:48:49","slug":"hillibilli","status":"publish","type":"page","link":"http:\/\/deelo.de\/index.php\/malteser\/hillibilli\/","title":{"rendered":"Ungarland&#8217;s Hillibilli"},"content":{"rendered":"<h2 style=\"text-align: center;\"><img loading=\"lazy\" decoding=\"async\" class=\"alignright size-thumbnail wp-image-107\" title=\"Hillibilli\" src=\"http:\/\/deelo.de\/wp\/wp-content\/uploads\/2009\/03\/billi_21-150x150.jpg\" alt=\"Hillibilli\" width=\"150\" height=\"150\" srcset=\"http:\/\/deelo.de\/wp\/wp-content\/uploads\/2009\/03\/billi_21-150x150.jpg 150w, http:\/\/deelo.de\/wp\/wp-content\/uploads\/2009\/03\/billi_21.jpg 291w\" sizes=\"auto, (max-width: 150px) 100vw, 150px\" \/> <a href=\"http:\/\/deelo.de\/wp\/wp-content\/uploads\/2009\/03\/billi2.jpg\"><img loading=\"lazy\" decoding=\"async\" class=\"alignleft size-thumbnail wp-image-85\" title=\"hillibilli\" src=\"http:\/\/deelo.de\/wp\/wp-content\/uploads\/2009\/03\/billi2-150x150.jpg\" alt=\"hillibilli\" width=\"150\" height=\"150\" \/> <\/a><\/h2>\n<h2 style=\"text-align: center;\">Ungarland&#8217;s Hillibilli<\/h2>\n<p>\u00a0<\/p>\n<blockquote>\n<p style=\"text-align: center;\">geb.: 13.8.1980 &#8211; gest.: 19.02.1998<\/p>\n<p style=\"text-align: center;\">Eltern:\u00a0 Maltea&#8217;s Vincento und Maytheas Scarlett<\/p>\n<p style=\"text-align: center;\">Gro\u00dfeltern: 1. Shenala Raphael und Natalie z Bilych fjordu<\/p>\n<p style=\"text-align: center;\">2. Prince Regent of Collington und Maythea&#8217;s Sanlaura<\/p>\n<\/blockquote>\n<p>Wie sich beim ersten Tierarztbesuch herausstellte, war Hillibilli ein kleiner &#8222;Albert Einstein&#8220; wie der Doc so sch\u00f6n sagte&#8230; Er musste mich erst aufkl\u00e4ren. Ein Hoden war nicht am richtigen Platz. Fr\u00fchzeitig erkannt h\u00e4tte man &#8222;das&#8220; richten k\u00f6nnen, aber als wir Billi bekamen war er bereits fast 4 Monate alt. Aber was f\u00fcr mich noch erschreckender war: Unser Familienzuwachs hatte einen kleinen Herzfehler.<\/p>\n<p>Der Tierarzt Dr. Vick hat mich gleich beruhigt, und meinte es kann sein das niemals Probleme auftauchen w\u00fcrden&#8230; aber er meinte auch die Z\u00fcchterin k\u00f6nne nicht unwissend tun, und h\u00e4tte mir das sagen m\u00fcssen. Da Billi als Zuchtr\u00fcde nicht geeignet w\u00e4re, h\u00e4tte ich den Hund zu teuer gekauft, die Z\u00fcchterin m\u00fcsse mir 50% zu\u00fcckgeben, oder den Hund zur\u00fccknehmen.<\/p>\n<p>Naja, halbherzig habe ich dann bei Frau Million angerufen, aber Sie meinte dann nur: &#8222;Dann bringen Sie den Hund halt wieder zur\u00fcck&#8230;&#8220; *kopfsch\u00fcttel* Ich k\u00f6nnte das kleine Fellb\u00fcndel doch nie wieder hergeben!<\/p>\n<p>Billi, wie er von uns genannt wurde, war am Anfang sehr \u00e4ngstlich. Vor allem Autoger\u00e4usche haben ihn sehr erschreckt. Am liebsten h\u00e4tte ich ihn nur getragen, aber dadurch h\u00e4tte ich seine Angst ja nur verst\u00e4rkt. Nach und nach verlor sich aber seine Angst. Nur zu Silvester wurde das dann immer ganz schlimm. Zwischen Weihnachten und Neujahr war Billi das reinste Nervenb\u00fcndel. Dr.Vick empfahl dann ein Beruhigungsgranulat, und das half dann wenigstens ein bisschen.<\/p>\n<p>Ansonsten war Billi ziemlich robust, und auch nicht oft krank.<\/p>\n<p>Billi war inzwischen 11 oder 12 Jahre alt, wie so oft fuhren wir zur Mutter meines Partners, wollten gerade klingeln, da bemerkte ich wie Billi wackelt, und konnte gerade noch zugreifen bevor er umfiel. Der ganze K\u00f6rper war steif und verkrampft und ich war total panisch. Es kam mir ewig lange vor, aber es war wohl nur 1 Minute, da kam Billi wieder langsam zu sich. Wir waren nur wenige Strassen von Dr. Vicks Tierklinik entfernt, also fuhren wir sofort dahin.<\/p>\n<p>Billi wurde sofort untersucht, bekam eine Aufbauspritze, und dann im Laufe der Woche (nach mehreren Untersuchungen) stand fest: Billi hat Epilepsie.<\/p>\n<p><strong>Billi&#8217;s Epilepsie<\/strong><\/p>\n<p>Anfangs kamen die Anf\u00e4lle noch relativ selten, aber trotz Medikamenteneinstellung vermehrten sich mit den Jahren auch die Anf\u00e4lle.<\/p>\n<p>Die Anf\u00e4lle waren immer sogenannte Grand Mals, also starke Anf\u00e4lle, bei denen Billi umfiel, die Skelettmuskulatur verkrampfte, das Bewusstsein war getr\u00fcbt oder ganz weg, manchmal verlor er dabei Kot oder Urin, aber am unertr\u00e4glischsten f\u00fcr mich war immer dieses &#8222;Schreien&#8220;. Und wenn Billi krampfte schrie er fast jedesmal.<\/p>\n<p>Der Anfall dauerte oft nur wenige Minuten, in der Zeit sass ich neben Billi und hielt ihn sanft mit den Armen umschlungen damit er sich nirgends verletzt. Nach einer Weile merkte ich dann wie der K\u00f6rper erschlafft und Billi wieder zu sich kam. Billi war danach meistens recht m\u00fcde, hat sich dann aber auch immer wieder gut erholt.<\/p>\n<p>Aber die Anf\u00e4lle kamen dann immer \u00f6fter, und es kam vor das ich nachts bis zu dreimal von Billis Schreien geweckt wurde und dann neben dem Bett kauerte um ihn festzuhalten.<\/p>\n<p>Billi war inzwischen \u00fcber 17 Jahre alt, wir hatten wieder einmal eine sehr unruhige Nacht hinter uns, als er mich morgends anschaute&#8230; und seine Augen sagten mir: Es ist genug&#8230; lass mich gehen.<\/p>\n<p>Ein letztes mal fuhren wir zu Dr. Vick, und ich hielt Billi im Arm als er sich auf den Weg zur Regenbogenbr\u00fccke machte.<\/p>\n<p>In meinem Herzen bleibt er unvergessen<\/p>\n<p>Irgendwann sehen wir uns wieder&#8230;<br \/>\nR.I.P<\/p>\n","protected":false},"excerpt":{"rendered":"<p>Ungarland&#8217;s Hillibilli \u00a0 geb.: 13.8.1980 &#8211; gest.: 19.02.1998 Eltern:\u00a0 Maltea&#8217;s Vincento und Maytheas Scarlett Gro\u00dfeltern: 1. Shenala Raphael und Natalie z Bilych fjordu 2. Prince &hellip; <\/p>\n","protected":false},"author":1,"featured_media":0,"parent":81,"menu_order":1,"comment_status":"open","ping_status":"open","template":"","meta":{"footnotes":""},"class_list":["post-86","page","type-page","status-publish","hentry"],"_links":{"self":[{"href":"http:\/\/deelo.de\/index.php\/wp-json\/wp\/v2\/pages\/86","targetHints":{"allow":["GET"]}}],"collection":[{"href":"http:\/\/deelo.de\/index.php\/wp-json\/wp\/v2\/pages"}],"about":[{"href":"http:\/\/deelo.de\/index.php\/wp-json\/wp\/v2\/types\/page"}],"author":[{"embeddable":true,"href":"http:\/\/deelo.de\/index.php\/wp-json\/wp\/v2\/users\/1"}],"replies":[{"embeddable":true,"href":"http:\/\/deelo.de\/index.php\/wp-json\/wp\/v2\/comments?post=86"}],"version-history":[{"count":14,"href":"http:\/\/deelo.de\/index.php\/wp-json\/wp\/v2\/pages\/86\/revisions"}],"predecessor-version":[{"id":248,"href":"http:\/\/deelo.de\/index.php\/wp-json\/wp\/v2\/pages\/86\/revisions\/248"}],"up":[{"embeddable":true,"href":"http:\/\/deelo.de\/index.php\/wp-json\/wp\/v2\/pages\/81"}],"wp:attachment":[{"href":"http:\/\/deelo.de\/index.php\/wp-json\/wp\/v2\/media?parent=86"}],"curies":[{"name":"wp","href":"https:\/\/api.w.org\/{rel}","templated":true}]}}